{"id":21081,"date":"2025-03-12T13:01:25","date_gmt":"2025-03-12T12:01:25","guid":{"rendered":"http:\/\/aem.hr\/?page_id=21081"},"modified":"2025-03-12T13:01:26","modified_gmt":"2025-03-12T12:01:26","slug":"srdan-sekulic-vukovarski-suzivot-primjeri-iz-zivota","status":"publish","type":"page","link":"https:\/\/aem.hr\/en\/srdan-sekulic-vukovarski-suzivot-primjeri-iz-zivota\/","title":{"rendered":"Sr\u0111an Sekuli\u0107 &#8211; Vukovarski su\u017eivot &#8211; primjeri iz \u017eivota"},"content":{"rendered":"\n<div class=\"wp-block-file\"><a id=\"wp-block-file--media-ede2e4b8-5e37-4b2c-816a-5d9659a8d7cb\" href=\"https:\/\/aem.hr\/wp-content\/uploads\/2025\/03\/1.-Vukovarski-suzivot-\u2013-privreda-spaja-ono-sto-je-rat-podelio.pdf\">1. Vukovarski su\u017eivot \u2013 privreda spaja ono \u0161to je rat podelio<\/a><a href=\"https:\/\/aem.hr\/wp-content\/uploads\/2025\/03\/1.-Vukovarski-suzivot-\u2013-privreda-spaja-ono-sto-je-rat-podelio.pdf\" class=\"wp-block-file__button wp-element-button\" download aria-describedby=\"wp-block-file--media-ede2e4b8-5e37-4b2c-816a-5d9659a8d7cb\">Preuzimanje<\/a><\/div>\n\n\n\n<div class=\"wp-block-file\"><a id=\"wp-block-file--media-2211c455-6b55-4af7-978c-0fd025e66ee1\" href=\"https:\/\/aem.hr\/wp-content\/uploads\/2025\/03\/2.-Sport-bez-granica-i-nacija.pdf\">2. Sport bez granica i nacija<\/a><a href=\"https:\/\/aem.hr\/wp-content\/uploads\/2025\/03\/2.-Sport-bez-granica-i-nacija.pdf\" class=\"wp-block-file__button wp-element-button\" download aria-describedby=\"wp-block-file--media-2211c455-6b55-4af7-978c-0fd025e66ee1\">Preuzimanje<\/a><\/div>\n\n\n\n<div class=\"wp-block-file\"><a id=\"wp-block-file--media-cff3622f-6218-4b37-b273-641c9259056c\" href=\"https:\/\/aem.hr\/wp-content\/uploads\/2025\/03\/3.-Amaterska-kulturna-scena-kao-most-izmedu-podeljenih-zajednica.pdf\">3. Amaterska kulturna scena kao most izme\u0111u podeljenih zajednica<\/a><a href=\"https:\/\/aem.hr\/wp-content\/uploads\/2025\/03\/3.-Amaterska-kulturna-scena-kao-most-izmedu-podeljenih-zajednica.pdf\" class=\"wp-block-file__button wp-element-button\" download aria-describedby=\"wp-block-file--media-cff3622f-6218-4b37-b273-641c9259056c\">Preuzimanje<\/a><\/div>\n\n\n\n<div class=\"wp-block-file\"><a id=\"wp-block-file--media-77276076-f349-4acb-b3b7-19bbf98bc39e\" href=\"https:\/\/aem.hr\/wp-content\/uploads\/2025\/03\/4.-Doprinos-civilnog-sektora-u-Vukovaru-u-razvoju-dijaloga.pdf\">4. Doprinos civilnog sektora u Vukovaru u razvoju dijaloga<\/a><a href=\"https:\/\/aem.hr\/wp-content\/uploads\/2025\/03\/4.-Doprinos-civilnog-sektora-u-Vukovaru-u-razvoju-dijaloga.pdf\" class=\"wp-block-file__button wp-element-button\" download aria-describedby=\"wp-block-file--media-77276076-f349-4acb-b3b7-19bbf98bc39e\">Preuzimanje<\/a><\/div>\n\n\n\n<div class=\"wp-block-file\"><a id=\"wp-block-file--media-dfe35b2e-acc6-4535-9477-24bb766eb0cb\" href=\"https:\/\/aem.hr\/wp-content\/uploads\/2025\/03\/5.-Zabava-bez-nacionalnih-granica.pdf\">5. Zabava bez (nacionalnih) granica<\/a><a href=\"https:\/\/aem.hr\/wp-content\/uploads\/2025\/03\/5.-Zabava-bez-nacionalnih-granica.pdf\" class=\"wp-block-file__button wp-element-button\" download aria-describedby=\"wp-block-file--media-dfe35b2e-acc6-4535-9477-24bb766eb0cb\">Preuzimanje<\/a><\/div>\n\n\n\n<div class=\"wp-block-file\"><a id=\"wp-block-file--media-cff0e236-8c7d-4809-b877-6a701c2e2996\" href=\"https:\/\/aem.hr\/wp-content\/uploads\/2025\/03\/6.-Obrazovanje-na-maternjem-jeziku_-izazov-ali-i-velika-prednost.pdf\">6. Obrazovanje na maternjem jeziku_ izazov, ali i velika prednost<\/a><a href=\"https:\/\/aem.hr\/wp-content\/uploads\/2025\/03\/6.-Obrazovanje-na-maternjem-jeziku_-izazov-ali-i-velika-prednost.pdf\" class=\"wp-block-file__button wp-element-button\" download aria-describedby=\"wp-block-file--media-cff0e236-8c7d-4809-b877-6a701c2e2996\">Preuzimanje<\/a><\/div>\n\n\n\n<div class=\"wp-block-file\"><a id=\"wp-block-file--media-992f61fb-f0f3-420c-ae86-a2803420d273\" href=\"https:\/\/aem.hr\/wp-content\/uploads\/2025\/03\/7.-U-Vukovaru-vise-nema-nacionalnih-podela-ali-nema-ni-ljudi.pdf\">7. U Vukovaru vi\u0161e nema nacionalnih podela, ali nema ni ljudi<\/a><a href=\"https:\/\/aem.hr\/wp-content\/uploads\/2025\/03\/7.-U-Vukovaru-vise-nema-nacionalnih-podela-ali-nema-ni-ljudi.pdf\" class=\"wp-block-file__button wp-element-button\" download aria-describedby=\"wp-block-file--media-992f61fb-f0f3-420c-ae86-a2803420d273\">Preuzimanje<\/a><\/div>\n","protected":false},"excerpt":{"rendered":"","protected":false},"author":18,"featured_media":0,"parent":0,"menu_order":0,"comment_status":"closed","ping_status":"closed","template":"","meta":{"_acf_changed":false,"inline_featured_image":false,"advgb_blocks_editor_width":"","advgb_blocks_columns_visual_guide":"","_links_to":"","_links_to_type":0,"footnotes":""},"class_list":["post-21081","page","type-page","status-publish","hentry"],"acf":[],"yoast_head":"<!-- This site is optimized with the Yoast SEO plugin v25.7 - https:\/\/yoast.com\/wordpress\/plugins\/seo\/ -->\n<title>Sr\u0111an Sekuli\u0107 - Vukovarski su\u017eivot - primjeri iz \u017eivota - Agencija za elektroni\u010dke medije<\/title>\n<meta name=\"robots\" content=\"index, follow, max-snippet:-1, max-image-preview:large, max-video-preview:-1\" \/>\n<link rel=\"canonical\" href=\"https:\/\/aem.hr\/srdan-sekulic-vukovarski-suzivot-primjeri-iz-zivota\/\" \/>\n<meta property=\"og:locale\" content=\"en_US\" \/>\n<meta property=\"og:type\" content=\"article\" \/>\n<meta property=\"og:title\" content=\"Sr\u0111an Sekuli\u0107 - Vukovarski su\u017eivot - primjeri iz \u017eivota - Agencija za elektroni\u010dke medije\" \/>\n<meta property=\"og:url\" content=\"https:\/\/aem.hr\/srdan-sekulic-vukovarski-suzivot-primjeri-iz-zivota\/\" \/>\n<meta property=\"og:site_name\" content=\"Agencija za elektroni\u010dke medije\" \/>\n<meta property=\"article:modified_time\" content=\"2025-03-12T12:01:26+00:00\" \/>\n<meta name=\"twitter:card\" content=\"summary_large_image\" \/>\n<meta name=\"twitter:label1\" content=\"Est. reading time\" \/>\n\t<meta name=\"twitter:data1\" content=\"1 minute\" \/>\n<script type=\"application\/ld+json\" class=\"yoast-schema-graph\">{\"@context\":\"https:\/\/schema.org\",\"@graph\":[{\"@type\":\"WebPage\",\"@id\":\"https:\/\/aem.hr\/srdan-sekulic-vukovarski-suzivot-primjeri-iz-zivota\/\",\"url\":\"https:\/\/aem.hr\/srdan-sekulic-vukovarski-suzivot-primjeri-iz-zivota\/\",\"name\":\"Sr\u0111an Sekuli\u0107 - Vukovarski su\u017eivot - primjeri iz \u017eivota - Agencija za elektroni\u010dke medije\",\"isPartOf\":{\"@id\":\"https:\/\/aem.hr\/#website\"},\"datePublished\":\"2025-03-12T12:01:25+00:00\",\"dateModified\":\"2025-03-12T12:01:26+00:00\",\"breadcrumb\":{\"@id\":\"https:\/\/aem.hr\/srdan-sekulic-vukovarski-suzivot-primjeri-iz-zivota\/#breadcrumb\"},\"inLanguage\":\"en-US\",\"potentialAction\":[{\"@type\":\"ReadAction\",\"target\":[\"https:\/\/aem.hr\/srdan-sekulic-vukovarski-suzivot-primjeri-iz-zivota\/\"]}]},{\"@type\":\"BreadcrumbList\",\"@id\":\"https:\/\/aem.hr\/srdan-sekulic-vukovarski-suzivot-primjeri-iz-zivota\/#breadcrumb\",\"itemListElement\":[{\"@type\":\"ListItem\",\"position\":1,\"name\":\"Po\u010detna stranica\",\"item\":\"https:\/\/aem.hr\/\"},{\"@type\":\"ListItem\",\"position\":2,\"name\":\"Sr\u0111an Sekuli\u0107 &#8211; Vukovarski su\u017eivot &#8211; primjeri iz \u017eivota\"}]},{\"@type\":\"WebSite\",\"@id\":\"https:\/\/aem.hr\/#website\",\"url\":\"https:\/\/aem.hr\/\",\"name\":\"Agencija za elektroni\u010dke medije\",\"description\":\"\",\"potentialAction\":[{\"@type\":\"SearchAction\",\"target\":{\"@type\":\"EntryPoint\",\"urlTemplate\":\"https:\/\/aem.hr\/?s={search_term_string}\"},\"query-input\":{\"@type\":\"PropertyValueSpecification\",\"valueRequired\":true,\"valueName\":\"search_term_string\"}}],\"inLanguage\":\"en-US\"}]}<\/script>\n<!-- \/ Yoast SEO plugin. -->","yoast_head_json":{"title":"Sr\u0111an Sekuli\u0107 - Vukovarski su\u017eivot - primjeri iz \u017eivota - Agencija za elektroni\u010dke medije","robots":{"index":"index","follow":"follow","max-snippet":"max-snippet:-1","max-image-preview":"max-image-preview:large","max-video-preview":"max-video-preview:-1"},"canonical":"https:\/\/aem.hr\/srdan-sekulic-vukovarski-suzivot-primjeri-iz-zivota\/","og_locale":"en_US","og_type":"article","og_title":"Sr\u0111an Sekuli\u0107 - Vukovarski su\u017eivot - primjeri iz \u017eivota - Agencija za elektroni\u010dke medije","og_url":"https:\/\/aem.hr\/srdan-sekulic-vukovarski-suzivot-primjeri-iz-zivota\/","og_site_name":"Agencija za elektroni\u010dke medije","article_modified_time":"2025-03-12T12:01:26+00:00","twitter_card":"summary_large_image","twitter_misc":{"Est. reading time":"1 minute"},"schema":{"@context":"https:\/\/schema.org","@graph":[{"@type":"WebPage","@id":"https:\/\/aem.hr\/srdan-sekulic-vukovarski-suzivot-primjeri-iz-zivota\/","url":"https:\/\/aem.hr\/srdan-sekulic-vukovarski-suzivot-primjeri-iz-zivota\/","name":"Sr\u0111an Sekuli\u0107 - Vukovarski su\u017eivot - primjeri iz \u017eivota - Agencija za elektroni\u010dke medije","isPartOf":{"@id":"https:\/\/aem.hr\/#website"},"datePublished":"2025-03-12T12:01:25+00:00","dateModified":"2025-03-12T12:01:26+00:00","breadcrumb":{"@id":"https:\/\/aem.hr\/srdan-sekulic-vukovarski-suzivot-primjeri-iz-zivota\/#breadcrumb"},"inLanguage":"en-US","potentialAction":[{"@type":"ReadAction","target":["https:\/\/aem.hr\/srdan-sekulic-vukovarski-suzivot-primjeri-iz-zivota\/"]}]},{"@type":"BreadcrumbList","@id":"https:\/\/aem.hr\/srdan-sekulic-vukovarski-suzivot-primjeri-iz-zivota\/#breadcrumb","itemListElement":[{"@type":"ListItem","position":1,"name":"Po\u010detna stranica","item":"https:\/\/aem.hr\/"},{"@type":"ListItem","position":2,"name":"Sr\u0111an Sekuli\u0107 &#8211; Vukovarski su\u017eivot &#8211; primjeri iz \u017eivota"}]},{"@type":"WebSite","@id":"https:\/\/aem.hr\/#website","url":"https:\/\/aem.hr\/","name":"Agencija za elektroni\u010dke medije","description":"","potentialAction":[{"@type":"SearchAction","target":{"@type":"EntryPoint","urlTemplate":"https:\/\/aem.hr\/?s={search_term_string}"},"query-input":{"@type":"PropertyValueSpecification","valueRequired":true,"valueName":"search_term_string"}}],"inLanguage":"en-US"}]}},"coauthors":[],"author_meta":{"author_link":"https:\/\/aem.hr\/en\/blog\/author\/mkirac\/","display_name":"Matko Kirac"},"relative_dates":{"created":"Posted 1 year ago","modified":"Updated 1 year ago"},"absolute_dates":{"created":"Posted on 12. March 2025.","modified":"Updated on 12. March 2025."},"absolute_dates_time":{"created":"Posted on 12. March 2025. 13:01","modified":"Updated on 12. March 2025. 13:01"},"featured_img_caption":"","featured_img":false,"series_order":"","_links":{"self":[{"href":"https:\/\/aem.hr\/en\/wp-json\/wp\/v2\/pages\/21081","targetHints":{"allow":["GET"]}}],"collection":[{"href":"https:\/\/aem.hr\/en\/wp-json\/wp\/v2\/pages"}],"about":[{"href":"https:\/\/aem.hr\/en\/wp-json\/wp\/v2\/types\/page"}],"author":[{"embeddable":true,"href":"https:\/\/aem.hr\/en\/wp-json\/wp\/v2\/users\/18"}],"replies":[{"embeddable":true,"href":"https:\/\/aem.hr\/en\/wp-json\/wp\/v2\/comments?post=21081"}],"version-history":[{"count":1,"href":"https:\/\/aem.hr\/en\/wp-json\/wp\/v2\/pages\/21081\/revisions"}],"predecessor-version":[{"id":21095,"href":"https:\/\/aem.hr\/en\/wp-json\/wp\/v2\/pages\/21081\/revisions\/21095"}],"wp:attachment":[{"href":"https:\/\/aem.hr\/en\/wp-json\/wp\/v2\/media?parent=21081"}],"curies":[{"name":"wp","href":"https:\/\/api.w.org\/{rel}","templated":true}]}}