{"id":21891,"date":"2025-03-25T11:19:16","date_gmt":"2025-03-25T10:19:16","guid":{"rendered":"http:\/\/aem.hr\/?page_id=21891"},"modified":"2025-03-25T11:19:17","modified_gmt":"2025-03-25T10:19:17","slug":"ivica-rados-hrvatska-i-hrvati-u-osnovnoskolskim-i-srednjoskolskim-udzbenicima-i-atlasima-povijesti-susjednih-zemalja-srbija-crna-gora-bih-madzarska-slovenija-italija","status":"publish","type":"page","link":"https:\/\/aem.hr\/en\/ivica-rados-hrvatska-i-hrvati-u-osnovnoskolskim-i-srednjoskolskim-udzbenicima-i-atlasima-povijesti-susjednih-zemalja-srbija-crna-gora-bih-madzarska-slovenija-italija\/","title":{"rendered":"Ivica Rado\u0161 &#8211; Hrvatska i Hrvati u osnovno\u0161kolskim i srednjo\u0161kolskim ud\u017ebenicima i atlasima povijesti susjednih zemalja (Srbija, Crna Gora, BiH, Mad\u017earska, Slovenija, Italija)"},"content":{"rendered":"\n<div class=\"wp-block-file\"><a id=\"wp-block-file--media-eb213f55-9f0a-4fcb-bcf8-cad485740631\" href=\"https:\/\/aem.hr\/wp-content\/uploads\/2025\/03\/1.-Analiziramo-gradivo.pdf\">1. Analiziramo gradivo<\/a><a href=\"https:\/\/aem.hr\/wp-content\/uploads\/2025\/03\/1.-Analiziramo-gradivo.pdf\" class=\"wp-block-file__button wp-element-button\" download aria-describedby=\"wp-block-file--media-eb213f55-9f0a-4fcb-bcf8-cad485740631\">Preuzimanje<\/a><\/div>\n\n\n\n<div class=\"wp-block-file\"><a id=\"wp-block-file--media-0af8bb6e-ec97-4796-b865-dcd83c939a15\" href=\"https:\/\/aem.hr\/wp-content\/uploads\/2025\/03\/2.-Madari-ignoriraju-hrvatsku-povijest-srednjeg-vijeka.pdf\">2. Ma\u0111ari ignoriraju hrvatsku povijest srednjeg vijeka<\/a><a href=\"https:\/\/aem.hr\/wp-content\/uploads\/2025\/03\/2.-Madari-ignoriraju-hrvatsku-povijest-srednjeg-vijeka.pdf\" class=\"wp-block-file__button wp-element-button\" download aria-describedby=\"wp-block-file--media-0af8bb6e-ec97-4796-b865-dcd83c939a15\">Preuzimanje<\/a><\/div>\n\n\n\n<div class=\"wp-block-file\"><a id=\"wp-block-file--media-fffb04b8-8ef9-49ff-9ff1-8bcbfabacc95\" href=\"https:\/\/aem.hr\/wp-content\/uploads\/2025\/03\/3.-Madari-svojataju-Subice.pdf\">3. Ma\u0111ari svojataju \u0160ubi\u0107e<\/a><a href=\"https:\/\/aem.hr\/wp-content\/uploads\/2025\/03\/3.-Madari-svojataju-Subice.pdf\" class=\"wp-block-file__button wp-element-button\" download aria-describedby=\"wp-block-file--media-fffb04b8-8ef9-49ff-9ff1-8bcbfabacc95\">Preuzimanje<\/a><\/div>\n\n\n\n<div class=\"wp-block-file\"><a id=\"wp-block-file--media-c54704db-1001-499c-9f71-398f1f1b71a5\" href=\"https:\/\/aem.hr\/wp-content\/uploads\/2025\/03\/4.-Slovenci-presucuju-kneza-Ljudevita-Posavskog.pdf\">4. Slovenci pre\u0161u\u0107uju kneza Ljudevita Posavskog<\/a><a href=\"https:\/\/aem.hr\/wp-content\/uploads\/2025\/03\/4.-Slovenci-presucuju-kneza-Ljudevita-Posavskog.pdf\" class=\"wp-block-file__button wp-element-button\" download aria-describedby=\"wp-block-file--media-c54704db-1001-499c-9f71-398f1f1b71a5\">Preuzimanje<\/a><\/div>\n\n\n\n<div class=\"wp-block-file\"><a id=\"wp-block-file--media-9aabd139-d6e8-4dad-a35a-8ef799aed2b3\" href=\"https:\/\/aem.hr\/wp-content\/uploads\/2025\/03\/5.-Djeca-u-Sloveniji-uce-da-treba-odrediti-posve-novu-granicu.pdf\">5. Djeca u Sloveniji u\u010de da treba odrediti &#8216;posve novu&#8217; granicu<\/a><a href=\"https:\/\/aem.hr\/wp-content\/uploads\/2025\/03\/5.-Djeca-u-Sloveniji-uce-da-treba-odrediti-posve-novu-granicu.pdf\" class=\"wp-block-file__button wp-element-button\" download aria-describedby=\"wp-block-file--media-9aabd139-d6e8-4dad-a35a-8ef799aed2b3\">Preuzimanje<\/a><\/div>\n\n\n\n<div class=\"wp-block-file\"><a id=\"wp-block-file--media-6c8802ae-54c4-4bf2-8b46-9afbf9234bea\" href=\"https:\/\/aem.hr\/wp-content\/uploads\/2025\/03\/6.-Crnogorska-verzija-povijesti.pdf\">6. Crnogorska verzija povijesti<\/a><a href=\"https:\/\/aem.hr\/wp-content\/uploads\/2025\/03\/6.-Crnogorska-verzija-povijesti.pdf\" class=\"wp-block-file__button wp-element-button\" download aria-describedby=\"wp-block-file--media-6c8802ae-54c4-4bf2-8b46-9afbf9234bea\">Preuzimanje<\/a><\/div>\n\n\n\n<div class=\"wp-block-file\"><a id=\"wp-block-file--media-0c239de0-2c87-402d-9172-3a74abb76e1b\" href=\"https:\/\/aem.hr\/wp-content\/uploads\/2025\/03\/7.-Srbijanski-udzbenici-1_-Dubrovnik-veliki-dio-Dalmacije-i-Bosna.pdf\">7. Srbijanski ud\u017ebenici (1)_ Dubrovnik, veliki dio Dalmacije i Bosna<\/a><a href=\"https:\/\/aem.hr\/wp-content\/uploads\/2025\/03\/7.-Srbijanski-udzbenici-1_-Dubrovnik-veliki-dio-Dalmacije-i-Bosna.pdf\" class=\"wp-block-file__button wp-element-button\" download aria-describedby=\"wp-block-file--media-0c239de0-2c87-402d-9172-3a74abb76e1b\">Preuzimanje<\/a><\/div>\n\n\n\n<div class=\"wp-block-file\"><a id=\"wp-block-file--media-26e394c3-4f6a-4c78-937f-9f8976db08c5\" href=\"https:\/\/aem.hr\/wp-content\/uploads\/2025\/03\/8.-Srbijanski-udzbenici-o-20.-stoljecu.pdf\">8. Srbijanski ud\u017ebenici o 20. stolje\u0107u<\/a><a href=\"https:\/\/aem.hr\/wp-content\/uploads\/2025\/03\/8.-Srbijanski-udzbenici-o-20.-stoljecu.pdf\" class=\"wp-block-file__button wp-element-button\" download aria-describedby=\"wp-block-file--media-26e394c3-4f6a-4c78-937f-9f8976db08c5\">Preuzimanje<\/a><\/div>\n\n\n\n<div class=\"wp-block-file\"><a id=\"wp-block-file--media-6ba5a91e-9c87-4ac2-8f85-6b1e670ba7ff\" href=\"https:\/\/aem.hr\/wp-content\/uploads\/2025\/03\/9.-Bosnjacki-udzbenici_-Pripadnici-Crkve-bosanske.pdf\">9. Bo\u0161nja\u010dki ud\u017ebenici_ Pripadnici Crkve bosanske<\/a><a href=\"https:\/\/aem.hr\/wp-content\/uploads\/2025\/03\/9.-Bosnjacki-udzbenici_-Pripadnici-Crkve-bosanske.pdf\" class=\"wp-block-file__button wp-element-button\" download aria-describedby=\"wp-block-file--media-6ba5a91e-9c87-4ac2-8f85-6b1e670ba7ff\">Preuzimanje<\/a><\/div>\n\n\n\n<div class=\"wp-block-file\"><a id=\"wp-block-file--media-213668dd-4e7d-4c63-b2c9-0081f4aad54c\" href=\"https:\/\/aem.hr\/wp-content\/uploads\/2025\/03\/10.-Udzbenici-bosanskih-Srba.pdf\">10. Ud\u017ebenici bosanskih Srba<\/a><a href=\"https:\/\/aem.hr\/wp-content\/uploads\/2025\/03\/10.-Udzbenici-bosanskih-Srba.pdf\" class=\"wp-block-file__button wp-element-button\" download aria-describedby=\"wp-block-file--media-213668dd-4e7d-4c63-b2c9-0081f4aad54c\">Preuzimanje<\/a><\/div>\n","protected":false},"excerpt":{"rendered":"","protected":false},"author":18,"featured_media":0,"parent":0,"menu_order":0,"comment_status":"closed","ping_status":"closed","template":"","meta":{"_acf_changed":false,"inline_featured_image":false,"advgb_blocks_editor_width":"","advgb_blocks_columns_visual_guide":"","_links_to":"","_links_to_type":0,"footnotes":""},"class_list":["post-21891","page","type-page","status-publish","hentry"],"acf":[],"yoast_head":"<!-- This site is optimized with the Yoast SEO plugin v25.7 - https:\/\/yoast.com\/wordpress\/plugins\/seo\/ -->\n<title>Ivica Rado\u0161 - Hrvatska i Hrvati u osnovno\u0161kolskim i srednjo\u0161kolskim ud\u017ebenicima i atlasima povijesti susjednih zemalja (Srbija, Crna Gora, BiH, Mad\u017earska, Slovenija, Italija) - Agencija za elektroni\u010dke medije<\/title>\n<meta name=\"robots\" content=\"index, follow, max-snippet:-1, max-image-preview:large, max-video-preview:-1\" \/>\n<link rel=\"canonical\" href=\"https:\/\/aem.hr\/ivica-rados-hrvatska-i-hrvati-u-osnovnoskolskim-i-srednjoskolskim-udzbenicima-i-atlasima-povijesti-susjednih-zemalja-srbija-crna-gora-bih-madzarska-slovenija-italija\/\" \/>\n<meta property=\"og:locale\" content=\"en_US\" \/>\n<meta property=\"og:type\" content=\"article\" \/>\n<meta property=\"og:title\" content=\"Ivica Rado\u0161 - Hrvatska i Hrvati u osnovno\u0161kolskim i srednjo\u0161kolskim ud\u017ebenicima i atlasima povijesti susjednih zemalja (Srbija, Crna Gora, BiH, Mad\u017earska, Slovenija, Italija) - Agencija za elektroni\u010dke medije\" \/>\n<meta property=\"og:url\" content=\"https:\/\/aem.hr\/ivica-rados-hrvatska-i-hrvati-u-osnovnoskolskim-i-srednjoskolskim-udzbenicima-i-atlasima-povijesti-susjednih-zemalja-srbija-crna-gora-bih-madzarska-slovenija-italija\/\" \/>\n<meta property=\"og:site_name\" content=\"Agencija za elektroni\u010dke medije\" \/>\n<meta property=\"article:modified_time\" content=\"2025-03-25T10:19:17+00:00\" \/>\n<meta name=\"twitter:card\" content=\"summary_large_image\" \/>\n<meta name=\"twitter:label1\" content=\"Est. reading time\" \/>\n\t<meta name=\"twitter:data1\" content=\"1 minute\" \/>\n<script type=\"application\/ld+json\" class=\"yoast-schema-graph\">{\"@context\":\"https:\/\/schema.org\",\"@graph\":[{\"@type\":\"WebPage\",\"@id\":\"https:\/\/aem.hr\/ivica-rados-hrvatska-i-hrvati-u-osnovnoskolskim-i-srednjoskolskim-udzbenicima-i-atlasima-povijesti-susjednih-zemalja-srbija-crna-gora-bih-madzarska-slovenija-italija\/\",\"url\":\"https:\/\/aem.hr\/ivica-rados-hrvatska-i-hrvati-u-osnovnoskolskim-i-srednjoskolskim-udzbenicima-i-atlasima-povijesti-susjednih-zemalja-srbija-crna-gora-bih-madzarska-slovenija-italija\/\",\"name\":\"Ivica Rado\u0161 - Hrvatska i Hrvati u osnovno\u0161kolskim i srednjo\u0161kolskim ud\u017ebenicima i atlasima povijesti susjednih zemalja (Srbija, Crna Gora, BiH, Mad\u017earska, Slovenija, Italija) - Agencija za elektroni\u010dke medije\",\"isPartOf\":{\"@id\":\"https:\/\/aem.hr\/#website\"},\"datePublished\":\"2025-03-25T10:19:16+00:00\",\"dateModified\":\"2025-03-25T10:19:17+00:00\",\"breadcrumb\":{\"@id\":\"https:\/\/aem.hr\/ivica-rados-hrvatska-i-hrvati-u-osnovnoskolskim-i-srednjoskolskim-udzbenicima-i-atlasima-povijesti-susjednih-zemalja-srbija-crna-gora-bih-madzarska-slovenija-italija\/#breadcrumb\"},\"inLanguage\":\"en-US\",\"potentialAction\":[{\"@type\":\"ReadAction\",\"target\":[\"https:\/\/aem.hr\/ivica-rados-hrvatska-i-hrvati-u-osnovnoskolskim-i-srednjoskolskim-udzbenicima-i-atlasima-povijesti-susjednih-zemalja-srbija-crna-gora-bih-madzarska-slovenija-italija\/\"]}]},{\"@type\":\"BreadcrumbList\",\"@id\":\"https:\/\/aem.hr\/ivica-rados-hrvatska-i-hrvati-u-osnovnoskolskim-i-srednjoskolskim-udzbenicima-i-atlasima-povijesti-susjednih-zemalja-srbija-crna-gora-bih-madzarska-slovenija-italija\/#breadcrumb\",\"itemListElement\":[{\"@type\":\"ListItem\",\"position\":1,\"name\":\"Po\u010detna stranica\",\"item\":\"https:\/\/aem.hr\/\"},{\"@type\":\"ListItem\",\"position\":2,\"name\":\"Ivica Rado\u0161 &#8211; Hrvatska i Hrvati u osnovno\u0161kolskim i srednjo\u0161kolskim ud\u017ebenicima i atlasima povijesti susjednih zemalja (Srbija, Crna Gora, BiH, Mad\u017earska, Slovenija, Italija)\"}]},{\"@type\":\"WebSite\",\"@id\":\"https:\/\/aem.hr\/#website\",\"url\":\"https:\/\/aem.hr\/\",\"name\":\"Agencija za elektroni\u010dke medije\",\"description\":\"\",\"potentialAction\":[{\"@type\":\"SearchAction\",\"target\":{\"@type\":\"EntryPoint\",\"urlTemplate\":\"https:\/\/aem.hr\/?s={search_term_string}\"},\"query-input\":{\"@type\":\"PropertyValueSpecification\",\"valueRequired\":true,\"valueName\":\"search_term_string\"}}],\"inLanguage\":\"en-US\"}]}<\/script>\n<!-- \/ Yoast SEO plugin. -->","yoast_head_json":{"title":"Ivica Rado\u0161 - Hrvatska i Hrvati u osnovno\u0161kolskim i srednjo\u0161kolskim ud\u017ebenicima i atlasima povijesti susjednih zemalja (Srbija, Crna Gora, BiH, Mad\u017earska, Slovenija, Italija) - Agencija za elektroni\u010dke medije","robots":{"index":"index","follow":"follow","max-snippet":"max-snippet:-1","max-image-preview":"max-image-preview:large","max-video-preview":"max-video-preview:-1"},"canonical":"https:\/\/aem.hr\/ivica-rados-hrvatska-i-hrvati-u-osnovnoskolskim-i-srednjoskolskim-udzbenicima-i-atlasima-povijesti-susjednih-zemalja-srbija-crna-gora-bih-madzarska-slovenija-italija\/","og_locale":"en_US","og_type":"article","og_title":"Ivica Rado\u0161 - Hrvatska i Hrvati u osnovno\u0161kolskim i srednjo\u0161kolskim ud\u017ebenicima i atlasima povijesti susjednih zemalja (Srbija, Crna Gora, BiH, Mad\u017earska, Slovenija, Italija) - Agencija za elektroni\u010dke medije","og_url":"https:\/\/aem.hr\/ivica-rados-hrvatska-i-hrvati-u-osnovnoskolskim-i-srednjoskolskim-udzbenicima-i-atlasima-povijesti-susjednih-zemalja-srbija-crna-gora-bih-madzarska-slovenija-italija\/","og_site_name":"Agencija za elektroni\u010dke medije","article_modified_time":"2025-03-25T10:19:17+00:00","twitter_card":"summary_large_image","twitter_misc":{"Est. reading time":"1 minute"},"schema":{"@context":"https:\/\/schema.org","@graph":[{"@type":"WebPage","@id":"https:\/\/aem.hr\/ivica-rados-hrvatska-i-hrvati-u-osnovnoskolskim-i-srednjoskolskim-udzbenicima-i-atlasima-povijesti-susjednih-zemalja-srbija-crna-gora-bih-madzarska-slovenija-italija\/","url":"https:\/\/aem.hr\/ivica-rados-hrvatska-i-hrvati-u-osnovnoskolskim-i-srednjoskolskim-udzbenicima-i-atlasima-povijesti-susjednih-zemalja-srbija-crna-gora-bih-madzarska-slovenija-italija\/","name":"Ivica Rado\u0161 - Hrvatska i Hrvati u osnovno\u0161kolskim i srednjo\u0161kolskim ud\u017ebenicima i atlasima povijesti susjednih zemalja (Srbija, Crna Gora, BiH, Mad\u017earska, Slovenija, Italija) - Agencija za elektroni\u010dke medije","isPartOf":{"@id":"https:\/\/aem.hr\/#website"},"datePublished":"2025-03-25T10:19:16+00:00","dateModified":"2025-03-25T10:19:17+00:00","breadcrumb":{"@id":"https:\/\/aem.hr\/ivica-rados-hrvatska-i-hrvati-u-osnovnoskolskim-i-srednjoskolskim-udzbenicima-i-atlasima-povijesti-susjednih-zemalja-srbija-crna-gora-bih-madzarska-slovenija-italija\/#breadcrumb"},"inLanguage":"en-US","potentialAction":[{"@type":"ReadAction","target":["https:\/\/aem.hr\/ivica-rados-hrvatska-i-hrvati-u-osnovnoskolskim-i-srednjoskolskim-udzbenicima-i-atlasima-povijesti-susjednih-zemalja-srbija-crna-gora-bih-madzarska-slovenija-italija\/"]}]},{"@type":"BreadcrumbList","@id":"https:\/\/aem.hr\/ivica-rados-hrvatska-i-hrvati-u-osnovnoskolskim-i-srednjoskolskim-udzbenicima-i-atlasima-povijesti-susjednih-zemalja-srbija-crna-gora-bih-madzarska-slovenija-italija\/#breadcrumb","itemListElement":[{"@type":"ListItem","position":1,"name":"Po\u010detna stranica","item":"https:\/\/aem.hr\/"},{"@type":"ListItem","position":2,"name":"Ivica Rado\u0161 &#8211; Hrvatska i Hrvati u osnovno\u0161kolskim i srednjo\u0161kolskim ud\u017ebenicima i atlasima povijesti susjednih zemalja (Srbija, Crna Gora, BiH, Mad\u017earska, Slovenija, Italija)"}]},{"@type":"WebSite","@id":"https:\/\/aem.hr\/#website","url":"https:\/\/aem.hr\/","name":"Agencija za elektroni\u010dke medije","description":"","potentialAction":[{"@type":"SearchAction","target":{"@type":"EntryPoint","urlTemplate":"https:\/\/aem.hr\/?s={search_term_string}"},"query-input":{"@type":"PropertyValueSpecification","valueRequired":true,"valueName":"search_term_string"}}],"inLanguage":"en-US"}]}},"coauthors":[],"author_meta":{"author_link":"https:\/\/aem.hr\/en\/blog\/author\/mkirac\/","display_name":"Matko Kirac"},"relative_dates":{"created":"Posted 1 year ago","modified":"Updated 1 year ago"},"absolute_dates":{"created":"Posted on 25. March 2025.","modified":"Updated on 25. March 2025."},"absolute_dates_time":{"created":"Posted on 25. March 2025. 11:19","modified":"Updated on 25. March 2025. 11:19"},"featured_img_caption":"","featured_img":false,"series_order":"","_links":{"self":[{"href":"https:\/\/aem.hr\/en\/wp-json\/wp\/v2\/pages\/21891","targetHints":{"allow":["GET"]}}],"collection":[{"href":"https:\/\/aem.hr\/en\/wp-json\/wp\/v2\/pages"}],"about":[{"href":"https:\/\/aem.hr\/en\/wp-json\/wp\/v2\/types\/page"}],"author":[{"embeddable":true,"href":"https:\/\/aem.hr\/en\/wp-json\/wp\/v2\/users\/18"}],"replies":[{"embeddable":true,"href":"https:\/\/aem.hr\/en\/wp-json\/wp\/v2\/comments?post=21891"}],"version-history":[{"count":1,"href":"https:\/\/aem.hr\/en\/wp-json\/wp\/v2\/pages\/21891\/revisions"}],"predecessor-version":[{"id":21912,"href":"https:\/\/aem.hr\/en\/wp-json\/wp\/v2\/pages\/21891\/revisions\/21912"}],"wp:attachment":[{"href":"https:\/\/aem.hr\/en\/wp-json\/wp\/v2\/media?parent=21891"}],"curies":[{"name":"wp","href":"https:\/\/api.w.org\/{rel}","templated":true}]}}